{"id":65,"date":"2016-04-01T20:18:05","date_gmt":"2016-04-01T20:18:05","guid":{"rendered":"http:\/\/fundacionhogarintegral.org\/es\/?page_id=65"},"modified":"2023-04-19T21:26:56","modified_gmt":"2023-04-19T21:26:56","slug":"acerca-de-hogar-integral","status":"publish","type":"page","link":"https:\/\/fundacionhogarintegral.org\/es\/acerca-de-hogar-integral\/","title":{"rendered":"Nuestra Historia"},"content":{"rendered":"<p style=\"text-align: justify;\">La Fundaci\u00f3n Hogar Integral, organizaci\u00f3n sin \u00e1nimo de lucro, nace gracias a la labor del Padre Jesuita Jaime Mart\u00ednez en 1980 y en 1984 le da vida nuestra Presidente Honoraria Vitalicia, la Se\u00f1ora Mar\u00eda Cristina Jaramillo de Arr\u00e1zola, Soci\u00f3loga, quien con un grupo de profesionales visita sectores marginados para evaluar algunos aspectos de vivienda en la zona, pero identifican que la principal necesidad de esta comunidad es la alimentaci\u00f3n para sus hijos. A partir de ese momento la Fundaci\u00f3n inicia su lucha contra el flagelo del <span style=\"color: #292865;\"><strong>hambre y la desnutrici\u00f3n<\/strong> <\/span>en los sectores con mayor riesgo de vulnerabilidad de la ciudad de Bogot\u00e1 y de Altos de Cazuc\u00e1 en el municipio de Soacha (Colombia).<\/p>\n<p style=\"text-align: justify;\">Se consolida un Equipo de Trabajo y se realizan alianzas estrat\u00e9gicas con diferentes entidades; se logra gestionar la adquisici\u00f3n y construcci\u00f3n de infraestructuras \u00f3ptimas para el suministro de alimentos a las comunidades, implementando Centros de Desarrollo Comunitarios.<\/p>\n<p style=\"text-align: justify;\">Con el transcurrir del tiempo la organizaci\u00f3n sin \u00e1nimo de lucro se enfoc\u00f3 sus esfuerzos en los <span style=\"color: #292865;\"><strong>ni\u00f1os de la primera infancia<\/strong><\/span> de los sectores mencionados, por lo que, no siendo suficiente con ofrecer una buena alimentaci\u00f3n a estos beneficiarios, se crearon desde el 2002 la Red de Centros de Desarrollo Infantil en donde se potencializa el <span style=\"color: #292865;\"><strong>desarrollo integral a la primera infancia y se educa para la paz<\/strong>.<\/span><\/p>\n<p style=\"text-align: justify;\">A la fecha la organizaci\u00f3n sin \u00e1nimo de lucro cuenta con dos Centros de Producci\u00f3n para la nutrici\u00f3n y seis Centros de Desarrollo Infantil, en donde gracias a los aportes y apoyo de entidades como el Instituto Colombiano de Bienestar Familiar (ICBF), la Caja de Compensaci\u00f3n Familiar CAFAM y el <span style=\"color: #292865;\"><strong>Plan Padrino<\/strong><\/span> entre otros, se ha logrado contribuir con el desarrollo del pa\u00eds y el bienestar de muchas familias que hoy tienen una vida con dignidad, generando gran impacto en las comunidades donde se trabaja.<\/p>\n<p><span style=\"color: #292865;\"><strong>RECONOCIMIENTOS RECIBIDOS: \u00a0<\/strong><\/span><\/p>\n<p style=\"text-align: justify;\"><strong>Fundaci\u00f3n \u00c9xito<\/strong>: Toda Una Vida por la Nutrici\u00f3n<strong>.\u00a0 <\/strong><\/p>\n<p style=\"text-align: justify;\"><strong>Mujer CAFAM <\/strong>por<strong> Bogot\u00e1 en 2014 <\/strong>a nuestra Presidente Honoraria Vitalicia Mar\u00eda Cristina Jaramillo de Arr\u00e1zola.<\/p>\n","protected":false},"excerpt":{"rendered":"<p>La Fundaci\u00f3n Hogar Integral, organizaci\u00f3n sin \u00e1nimo de lucro, nace gracias a la labor del Padre Jesuita Jaime Mart\u00ednez en 1980 y en 1984 le da vida nuestra Presidente Honoraria Vitalicia, la Se\u00f1ora Mar\u00eda Cristina Jaramillo de Arr\u00e1zola, Soci\u00f3loga, quien con un grupo de profesionales visita sectores marginados para evaluar algunos aspectos de vivienda en [&hellip;]<\/p>\n","protected":false},"author":1,"featured_media":182,"parent":0,"menu_order":0,"comment_status":"closed","ping_status":"closed","template":"page-about.php","meta":{"_acf_changed":false,"footnotes":""},"class_list":["post-65","page","type-page","status-publish","has-post-thumbnail","hentry"],"acf":[],"_links":{"self":[{"href":"https:\/\/fundacionhogarintegral.org\/es\/wp-json\/wp\/v2\/pages\/65","targetHints":{"allow":["GET"]}}],"collection":[{"href":"https:\/\/fundacionhogarintegral.org\/es\/wp-json\/wp\/v2\/pages"}],"about":[{"href":"https:\/\/fundacionhogarintegral.org\/es\/wp-json\/wp\/v2\/types\/page"}],"author":[{"embeddable":true,"href":"https:\/\/fundacionhogarintegral.org\/es\/wp-json\/wp\/v2\/users\/1"}],"replies":[{"embeddable":true,"href":"https:\/\/fundacionhogarintegral.org\/es\/wp-json\/wp\/v2\/comments?post=65"}],"version-history":[{"count":16,"href":"https:\/\/fundacionhogarintegral.org\/es\/wp-json\/wp\/v2\/pages\/65\/revisions"}],"predecessor-version":[{"id":457,"href":"https:\/\/fundacionhogarintegral.org\/es\/wp-json\/wp\/v2\/pages\/65\/revisions\/457"}],"wp:featuredmedia":[{"embeddable":true,"href":"https:\/\/fundacionhogarintegral.org\/es\/wp-json\/wp\/v2\/media\/182"}],"wp:attachment":[{"href":"https:\/\/fundacionhogarintegral.org\/es\/wp-json\/wp\/v2\/media?parent=65"}],"curies":[{"name":"wp","href":"https:\/\/api.w.org\/{rel}","templated":true}]}}